{"id":2755,"date":"2022-10-14T19:55:28","date_gmt":"2022-10-14T19:55:28","guid":{"rendered":"https:\/\/ceoactivismoforbesllyc.enforb.es\/conclusiones\/"},"modified":"2023-01-19T12:59:38","modified_gmt":"2023-01-19T18:59:38","slug":"conclusoes","status":"publish","type":"page","link":"https:\/\/ceoactivismoforbesllyc.enforb.es\/pt-br\/conclusoes\/","title":{"rendered":"CONCLUS\u00d5ES"},"content":{"rendered":"<p>[vc_row css_animation=&#8221;fadeIn&#8221;][vc_column][vc_row_inner][vc_column_inner][vc_custom_heading text=&#8221;Ap\u00f3s apresentar e analisar alguns casos inspiradores de CEOs ativistas, seguem algumas reflex\u00f5es espec\u00edficas sobre o desafio dos l\u00edderes empresariais da Am\u00e9rica Latina ao assumir pap\u00e9is de ativistas que pensam na sustentabilidade de suas empresas.&#8221; font_container=&#8221;tag:p|text_align:left&#8221; use_theme_fonts=&#8221;yes&#8221; css=&#8221;.vc_custom_1674152313456{margin-bottom: 30px !important;}&#8221;][vc_custom_heading text=&#8221;PRIMEIRO.&#8221; font_container=&#8221;tag:h3|font_size:4rem|text_align:left|line_height:4rem&#8221; use_theme_fonts=&#8221;yes&#8221;][vc_custom_heading text=&#8221;Ouvir e interpretar adequadamente as conversas relevantes dos cidad\u00e3os para saber quais s\u00e3o as necessidades da sociedade e desenvolver um ativismo que traga respostas. A sociedade expressa suas preocupa\u00e7\u00f5es por meio de suas conversas. No cen\u00e1rio atual, \u00e9 imprescind\u00edvel estabelecer mecanismos de di\u00e1logo para identificar e interpretar adequadamente essas conversas, de modo a desenvolver um ativismo que d\u00ea respostas \u00e0s preocupa\u00e7\u00f5es sociais. Esse di\u00e1logo permitir\u00e1 \u00e0s empresas e seus CEOs, entre outras coisas:&#8221; font_container=&#8221;tag:p|text_align:left&#8221; use_theme_fonts=&#8221;yes&#8221;][\/vc_column_inner][\/vc_row_inner][\/vc_column][\/vc_row][vc_row full_width=&#8221;stretch_row&#8221; css_animation=&#8221;fadeIn&#8221; css=&#8221;.vc_custom_1666026724773{padding-bottom: 35px !important;background-color: #000000 !important;}&#8221;][vc_column][vc_row_inner equal_height=&#8221;yes&#8221; gap=&#8221;30&#8243;][vc_column_inner width=&#8221;1\/2&#8243; css=&#8221;.vc_custom_1666028210138{border-left-width: 3px !important;padding-top: 3% !important;padding-right: 3% !important;padding-bottom: 3% !important;padding-left: 3% !important;border-left-color: #ffffff !important;border-left-style: solid !important;}&#8221;][vc_custom_heading text=&#8221;a.&#8221; font_container=&#8221;tag:h2|text_align:left|color:%23d74154&#8243; use_theme_fonts=&#8221;yes&#8221;][vc_custom_heading text=&#8221;Estabelecer uma estrat\u00e9gia de di\u00e1logo que d\u00ea resposta \u00e0s preocupa\u00e7\u00f5es sociais e, dessa forma, seja relevante para a sociedade em que opera. Ter capacidade de desenvolver pol\u00edticas e programas que tratem de quest\u00f5es sociais de forma coerente com os valores da empresa e as preocupa\u00e7\u00f5es da sociedade.&#8221; font_container=&#8221;tag:p|text_align:left|color:%23ffffff&#8221; use_theme_fonts=&#8221;yes&#8221;][\/vc_column_inner][vc_column_inner width=&#8221;1\/2&#8243; css=&#8221;.vc_custom_1666028229364{border-left-width: 3px !important;padding-top: 3% !important;padding-right: 3% !important;padding-bottom: 3% !important;padding-left: 3% !important;border-left-color: #ffffff !important;border-left-style: solid !important;}&#8221;][vc_custom_heading text=&#8221;b.&#8221; font_container=&#8221;tag:h2|text_align:left|color:%23d74154&#8243; use_theme_fonts=&#8221;yes&#8221;][vc_custom_heading text=&#8221;Identificar mudan\u00e7as sociais que permitam atualizar e reorientar a estrat\u00e9gia de ativismo, quando necess\u00e1rio, para que ela continue v\u00e1lida ao longo do tempo. Ser capaz de prever mudan\u00e7as nas expectativas sociais.&#8221; font_container=&#8221;tag:p|text_align:left|color:%23ffffff&#8221; use_theme_fonts=&#8221;yes&#8221;][\/vc_column_inner][\/vc_row_inner][vc_row_inner equal_height=&#8221;yes&#8221; gap=&#8221;30&#8243;][vc_column_inner width=&#8221;1\/2&#8243; css=&#8221;.vc_custom_1666028305812{border-left-width: 3px !important;padding-top: 3% !important;padding-right: 3% !important;padding-bottom: 3% !important;padding-left: 3% !important;border-left-color: #ffffff !important;border-left-style: solid !important;}&#8221;][vc_custom_heading text=&#8221;c.&#8221; font_container=&#8221;tag:h2|text_align:left|color:%23d74154&#8243; use_theme_fonts=&#8221;yes&#8221;][vc_custom_heading text=&#8221;Ser capaz de identificar e administrar poss\u00edveis riscos \u00e0 reputa\u00e7\u00e3o associados a quest\u00f5es sociais, o que \u00e9 essencial para decidir quais causas sociais apoiar.&#8221; font_container=&#8221;tag:p|text_align:left|color:%23ffffff&#8221; use_theme_fonts=&#8221;yes&#8221;][\/vc_column_inner][vc_column_inner width=&#8221;1\/2&#8243; css=&#8221;.vc_custom_1666028329891{border-left-width: 3px !important;padding-top: 3% !important;padding-right: 3% !important;padding-bottom: 3% !important;padding-left: 3% !important;border-left-color: #ffffff !important;border-left-style: solid !important;}&#8221;][vc_custom_heading text=&#8221;d.&#8221; font_container=&#8221;tag:h2|text_align:left|color:%23d74154&#8243; google_fonts=&#8221;font_family:Montserrat%3Aregular%2C700|font_style:700%20bold%20regular%3A700%3Anormal&#8221;][vc_custom_heading text=&#8221;Poder encontrar espa\u00e7os de posicionamento que destaquem a empresa de seus concorrentes, posicionando-se como l\u00edder em temas sociais&#8221; font_container=&#8221;tag:p|text_align:left|color:%23ffffff&#8221; use_theme_fonts=&#8221;yes&#8221;][\/vc_column_inner][\/vc_row_inner][\/vc_column][\/vc_row][vc_row css_animation=&#8221;fadeIn&#8221; css=&#8221;.vc_custom_1666029341966{padding-bottom: 3% !important;}&#8221;][vc_column][vc_row_inner][vc_column_inner][vc_custom_heading text=&#8221;SEGUNDO.&#8221; font_container=&#8221;tag:h3|font_size:4rem|text_align:left|line_height:4rem&#8221; use_theme_fonts=&#8221;yes&#8221;][vc_custom_heading text=&#8221;Envolver os funcion\u00e1rios. O CEO deve inspirar os colaboradores para que eles tamb\u00e9m vivam os valores de sua empresa, seu prop\u00f3sito e as causas que apoiam. E canalizar esse alinhamento por meio de um programa de embaixadores. Um programa de embaixadores \u00e9 uma forma estruturada de os funcion\u00e1rios compartilharem seu apoio ao ativismo social de seus CEOs em suas redes pessoais. Assim, os colaboradores podem ampliar o alcance e o impacto do ativismo do CEO, ajudando a conscientizar e apoiar causas importantes. Al\u00e9m disso, esse programa pode ajudar a criar um forte senso de comunidade e companheirismo na empresa, unindo e organizando os funcion\u00e1rios para apoiar uma causa comum. Ter um programa de embaixadores traz in\u00fameras vantagens para que ativismo do CEO seja eficaz. Em primeiro lugar, ajuda a garantir que a mensagem do CEO alcance um p\u00fablico amplo. Em segundo lugar, cria um senso de uni\u00e3o e prop\u00f3sito na empresa. Em terceiro lugar, pode ajudar a criar apoio social para o ativismo social do CEO, gra\u00e7as \u00e0 credibilidade e autenticidade dos funcion\u00e1rios ao falar sobre suas empresas.&#8221; font_container=&#8221;tag:p|text_align:left&#8221; use_theme_fonts=&#8221;yes&#8221;][\/vc_column_inner][\/vc_row_inner][\/vc_column][\/vc_row][vc_row css_animation=&#8221;fadeIn&#8221;][vc_column][vc_row_inner][vc_column_inner][vc_custom_heading text=&#8221;TERCEIRO.&#8221; font_container=&#8221;tag:h3|font_size:4rem|text_align:left|line_height:4rem&#8221; use_theme_fonts=&#8221;yes&#8221;][vc_custom_heading text=&#8221;Estabelecer relacionamentos e incentivar conversas e participa\u00e7\u00e3o do cidad\u00e3o. Use e aproveite seu ecossistema digital. &#8220;Hoje em dia, o sil\u00eancio \u00e9 criminoso. O sil\u00eancio \u00e9 t\u00e3o ruim quanto fazer o mal, especialmente quando voc\u00ea representa uma empresa, uma marca, uma comunidade. \u00c9 preciso se envolver&#8220;, diz Hamdi Ulukaya, CEO da Chobani. Evoluir de simplesmente opinar ou agir de forma discreta para comunicar ativamente e promover conversas sobre temas relevantes para a sociedade, tornando p\u00fablicas suas decis\u00f5es e, assim, promover mudan\u00e7as em grande escala. Os CEOs ativistas t\u00eam a oportunidade de facilitar espa\u00e7os para conversa e co-cria\u00e7\u00e3o cidad\u00e3 para que seu ativismo tenha um impacto maior e melhor. Criar um contexto de conversa, debate e di\u00e1logo aberto sobre os temas que mais preocupam a popula\u00e7\u00e3o posiciona os CEOs como os l\u00edderes que contribuem com a sociedade e a orientam em seus grandes desafios. Esse tipo de iniciativa refor\u00e7a a legitimidade do ativismo do CEO, pois envolve as comunidades que, ao enriquecer e contribuir com o debate sobre um tema espec\u00edfico, estar\u00e3o mais dispostas a aceitar a abordagem dos respons\u00e1veis e de sua empresa. Entre outros efeitos positivos, essas iniciativas:&#8221; font_container=&#8221;tag:p|text_align:left&#8221; use_theme_fonts=&#8221;yes&#8221;][\/vc_column_inner][\/vc_row_inner][\/vc_column][\/vc_row][vc_row full_width=&#8221;stretch_row&#8221; css_animation=&#8221;fadeIn&#8221; css=&#8221;.vc_custom_1666026724773{padding-bottom: 35px !important;background-color: #000000 !important;}&#8221;][vc_column][vc_row_inner equal_height=&#8221;yes&#8221; gap=&#8221;30&#8243;][vc_column_inner width=&#8221;1\/3&#8243; css=&#8221;.vc_custom_1666028210138{border-left-width: 3px !important;padding-top: 3% !important;padding-right: 3% !important;padding-bottom: 3% !important;padding-left: 3% !important;border-left-color: #ffffff !important;border-left-style: solid !important;}&#8221;][vc_custom_heading text=&#8221;a.&#8221; font_container=&#8221;tag:h2|text_align:left|color:%23d74154&#8243; use_theme_fonts=&#8221;yes&#8221;][vc_custom_heading text=&#8221;Ajudam a desenvolver confian\u00e7a e credibilidade na empresa.&#8221; font_container=&#8221;tag:p|text_align:left|color:%23ffffff&#8221; use_theme_fonts=&#8221;yes&#8221;][\/vc_column_inner][vc_column_inner width=&#8221;1\/3&#8243; css=&#8221;.vc_custom_1666028229364{border-left-width: 3px !important;padding-top: 3% !important;padding-right: 3% !important;padding-bottom: 3% !important;padding-left: 3% !important;border-left-color: #ffffff !important;border-left-style: solid !important;}&#8221;][vc_custom_heading text=&#8221;b.&#8221; font_container=&#8221;tag:h2|text_align:left|color:%23d74154&#8243; use_theme_fonts=&#8221;yes&#8221;][vc_custom_heading text=&#8221;Permitem mais comunica\u00e7\u00e3o e um compromisso bidirecional com a sociedade.&#8221; font_container=&#8221;tag:p|text_align:left|color:%23ffffff&#8221; use_theme_fonts=&#8221;yes&#8221;][\/vc_column_inner][vc_column_inner width=&#8221;1\/3&#8243; css=&#8221;.vc_custom_1666028863688{border-left-width: 3px !important;padding-top: 3% !important;padding-right: 3% !important;padding-bottom: 3% !important;padding-left: 3% !important;border-left-color: #ffffff !important;border-left-style: solid !important;}&#8221;][vc_custom_heading text=&#8221;c.&#8221; font_container=&#8221;tag:h2|text_align:left|color:%23D74154&#8243; use_theme_fonts=&#8221;yes&#8221;][vc_custom_heading text=&#8221;Ajudam a criar solu\u00e7\u00f5es mais inovadoras e eficazes para os problemas.&#8221; font_container=&#8221;tag:p|text_align:left|color:%23ffffff&#8221; use_theme_fonts=&#8221;yes&#8221;][\/vc_column_inner][\/vc_row_inner][vc_row_inner equal_height=&#8221;yes&#8221; gap=&#8221;30&#8243;][vc_column_inner width=&#8221;1\/3&#8243; css=&#8221;.vc_custom_1666028210138{border-left-width: 3px !important;padding-top: 3% !important;padding-right: 3% !important;padding-bottom: 3% !important;padding-left: 3% !important;border-left-color: #ffffff !important;border-left-style: solid !important;}&#8221;][vc_custom_heading text=&#8221;d.&#8221; font_container=&#8221;tag:h2|text_align:left|color:%23d74154&#8243; use_theme_fonts=&#8221;yes&#8221;][vc_custom_heading text=&#8221;Criam um maior senso de comunidade e prop\u00f3sito compartilhado.&#8221; font_container=&#8221;tag:p|text_align:left|color:%23ffffff&#8221; use_theme_fonts=&#8221;yes&#8221;][\/vc_column_inner][vc_column_inner width=&#8221;1\/3&#8243; css=&#8221;.vc_custom_1666028229364{border-left-width: 3px !important;padding-top: 3% !important;padding-right: 3% !important;padding-bottom: 3% !important;padding-left: 3% !important;border-left-color: #ffffff !important;border-left-style: solid !important;}&#8221;][vc_custom_heading text=&#8221;e.&#8221; font_container=&#8221;tag:h2|text_align:left|color:%23d74154&#8243; use_theme_fonts=&#8221;yes&#8221;][vc_custom_heading text=&#8221;Aumentam a percep\u00e7\u00e3o de transpar\u00eancia e responsabilidade das empresas.&#8221; font_container=&#8221;tag:p|text_align:left|color:%23ffffff&#8221; use_theme_fonts=&#8221;yes&#8221;][\/vc_column_inner][vc_column_inner width=&#8221;1\/3&#8243; css=&#8221;.vc_custom_1666028863688{border-left-width: 3px !important;padding-top: 3% !important;padding-right: 3% !important;padding-bottom: 3% !important;padding-left: 3% !important;border-left-color: #ffffff !important;border-left-style: solid !important;}&#8221;][vc_custom_heading text=&#8221;f.&#8221; font_container=&#8221;tag:h2|text_align:left|color:%23d74154&#8243; use_theme_fonts=&#8221;yes&#8221;][vc_custom_heading text=&#8221;Podem atrair a aten\u00e7\u00e3o e gerar cobertura da m\u00eddia.&#8221; font_container=&#8221;tag:p|text_align:left|color:%23ffffff&#8221; use_theme_fonts=&#8221;yes&#8221;][\/vc_column_inner][\/vc_row_inner][vc_row_inner equal_height=&#8221;yes&#8221; gap=&#8221;30&#8243;][vc_column_inner width=&#8221;1\/3&#8243; css=&#8221;.vc_custom_1666028210138{border-left-width: 3px !important;padding-top: 3% !important;padding-right: 3% !important;padding-bottom: 3% !important;padding-left: 3% !important;border-left-color: #ffffff !important;border-left-style: solid !important;}&#8221;][vc_custom_heading text=&#8221;g.&#8221; font_container=&#8221;tag:h2|text_align:left|color:%23d74154&#8243; use_theme_fonts=&#8221;yes&#8221;][vc_custom_heading text=&#8221;Podem ajudar a mobilizar as pessoas a agir&#8221; font_container=&#8221;tag:p|text_align:left|color:%23ffffff&#8221; use_theme_fonts=&#8221;yes&#8221;][\/vc_column_inner][vc_column_inner width=&#8221;1\/3&#8243;][\/vc_column_inner][vc_column_inner width=&#8221;1\/3&#8243;][\/vc_column_inner][\/vc_row_inner][\/vc_column][\/vc_row]<\/p>\n","protected":false},"excerpt":{"rendered":"<p>[vc_row css_animation=&#8221;fadeIn&#8221;][vc_column][vc_row_inner][vc_column_inner][vc_custom_heading text=&#8221;Ap\u00f3s apresentar e analisar alguns casos inspiradores de CEOs ativistas, seguem algumas reflex\u00f5es espec\u00edficas sobre o desafio dos l\u00edderes empresariais da Am\u00e9rica Latina ao assumir pap\u00e9is de ativistas que pensam na sustentabilidade de suas empresas.&#8221; font_container=&#8221;tag:p|text_align:left&#8221; use_theme_fonts=&#8221;yes&#8221; css=&#8221;.vc_custom_1674152313456{margin-bottom: 30px !important;}&#8221;][vc_custom_heading text=&#8221;PRIMEIRO.&#8221; font_container=&#8221;tag:h3|font_size:4rem|text_align:left|line_height:4rem&#8221; use_theme_fonts=&#8221;yes&#8221;][vc_custom_heading text=&#8221;Ouvir e interpretar adequadamente as conversas relevantes dos cidad\u00e3os para&hellip;<\/p>\n","protected":false},"author":2,"featured_media":0,"parent":0,"menu_order":0,"comment_status":"closed","ping_status":"closed","template":"","meta":{"content-type":"","_mi_skip_tracking":false,"_monsterinsights_sitenote_active":false,"_monsterinsights_sitenote_note":"","_monsterinsights_sitenote_category":0,"footnotes":""},"class_list":["post-2755","page","type-page","status-publish","hentry","description-off"],"acf":[],"yoast_head":"<!-- This site is optimized with the Yoast SEO plugin v20.12 - https:\/\/yoast.com\/wordpress\/plugins\/seo\/ -->\n<title>CONCLUS\u00d5ES - CEO ACTIVISTA LATAM<\/title>\n<meta name=\"description\" content=\"\u00bfCu\u00e1l es el verdadero reto de los CEOs al momento de encarnar el rol del activismo?\" \/>\n<meta name=\"robots\" content=\"index, follow, max-snippet:-1, max-image-preview:large, max-video-preview:-1\" \/>\n<link rel=\"canonical\" href=\"https:\/\/ceoactivismoforbesllyc.enforb.es\/pt-br\/conclusoes\/\" \/>\n<meta property=\"og:locale\" content=\"pt_BR\" \/>\n<meta property=\"og:type\" content=\"article\" \/>\n<meta property=\"og:title\" content=\"CONCLUS\u00d5ES - CEO ACTIVISTA LATAM\" \/>\n<meta property=\"og:description\" content=\"\u00bfCu\u00e1l es el verdadero reto de los CEOs al momento de encarnar el rol del activismo?\" \/>\n<meta property=\"og:url\" content=\"https:\/\/ceoactivismoforbesllyc.enforb.es\/pt-br\/conclusoes\/\" \/>\n<meta property=\"og:site_name\" content=\"CEO ACTIVISTA LATAM\" \/>\n<meta property=\"article:modified_time\" content=\"2023-01-19T18:59:38+00:00\" \/>\n<meta name=\"twitter:card\" content=\"summary_large_image\" \/>\n<meta name=\"twitter:label1\" content=\"Est. tempo de leitura\" \/>\n\t<meta name=\"twitter:data1\" content=\"5 minutos\" \/>\n<script type=\"application\/ld+json\" class=\"yoast-schema-graph\">{\"@context\":\"https:\/\/schema.org\",\"@graph\":[{\"@type\":\"WebPage\",\"@id\":\"https:\/\/ceoactivismoforbesllyc.enforb.es\/pt-br\/conclusoes\/\",\"url\":\"https:\/\/ceoactivismoforbesllyc.enforb.es\/pt-br\/conclusoes\/\",\"name\":\"CONCLUS\u00d5ES - CEO ACTIVISTA LATAM\",\"isPartOf\":{\"@id\":\"https:\/\/ceoactivismoforbesllyc.enforb.es\/#website\"},\"datePublished\":\"2022-10-14T19:55:28+00:00\",\"dateModified\":\"2023-01-19T18:59:38+00:00\",\"description\":\"\u00bfCu\u00e1l es el verdadero reto de los CEOs al momento de encarnar el rol del activismo?\",\"breadcrumb\":{\"@id\":\"https:\/\/ceoactivismoforbesllyc.enforb.es\/pt-br\/conclusoes\/#breadcrumb\"},\"inLanguage\":\"pt-BR\",\"potentialAction\":[{\"@type\":\"ReadAction\",\"target\":[\"https:\/\/ceoactivismoforbesllyc.enforb.es\/pt-br\/conclusoes\/\"]}]},{\"@type\":\"BreadcrumbList\",\"@id\":\"https:\/\/ceoactivismoforbesllyc.enforb.es\/pt-br\/conclusoes\/#breadcrumb\",\"itemListElement\":[{\"@type\":\"ListItem\",\"position\":1,\"name\":\"Home\",\"item\":\"https:\/\/ceoactivismoforbesllyc.enforb.es\/pt-br\/\"},{\"@type\":\"ListItem\",\"position\":2,\"name\":\"CONCLUS\u00d5ES\"}]},{\"@type\":\"WebSite\",\"@id\":\"https:\/\/ceoactivismoforbesllyc.enforb.es\/#website\",\"url\":\"https:\/\/ceoactivismoforbesllyc.enforb.es\/\",\"name\":\"CEO ACTIVISTA LATAM\",\"description\":\"\",\"potentialAction\":[{\"@type\":\"SearchAction\",\"target\":{\"@type\":\"EntryPoint\",\"urlTemplate\":\"https:\/\/ceoactivismoforbesllyc.enforb.es\/?s={search_term_string}\"},\"query-input\":\"required name=search_term_string\"}],\"inLanguage\":\"pt-BR\"}]}<\/script>\n<!-- \/ Yoast SEO plugin. -->","yoast_head_json":{"title":"CONCLUS\u00d5ES - CEO ACTIVISTA LATAM","description":"\u00bfCu\u00e1l es el verdadero reto de los CEOs al momento de encarnar el rol del activismo?","robots":{"index":"index","follow":"follow","max-snippet":"max-snippet:-1","max-image-preview":"max-image-preview:large","max-video-preview":"max-video-preview:-1"},"canonical":"https:\/\/ceoactivismoforbesllyc.enforb.es\/pt-br\/conclusoes\/","og_locale":"pt_BR","og_type":"article","og_title":"CONCLUS\u00d5ES - CEO ACTIVISTA LATAM","og_description":"\u00bfCu\u00e1l es el verdadero reto de los CEOs al momento de encarnar el rol del activismo?","og_url":"https:\/\/ceoactivismoforbesllyc.enforb.es\/pt-br\/conclusoes\/","og_site_name":"CEO ACTIVISTA LATAM","article_modified_time":"2023-01-19T18:59:38+00:00","twitter_card":"summary_large_image","twitter_misc":{"Est. tempo de leitura":"5 minutos"},"schema":{"@context":"https:\/\/schema.org","@graph":[{"@type":"WebPage","@id":"https:\/\/ceoactivismoforbesllyc.enforb.es\/pt-br\/conclusoes\/","url":"https:\/\/ceoactivismoforbesllyc.enforb.es\/pt-br\/conclusoes\/","name":"CONCLUS\u00d5ES - CEO ACTIVISTA LATAM","isPartOf":{"@id":"https:\/\/ceoactivismoforbesllyc.enforb.es\/#website"},"datePublished":"2022-10-14T19:55:28+00:00","dateModified":"2023-01-19T18:59:38+00:00","description":"\u00bfCu\u00e1l es el verdadero reto de los CEOs al momento de encarnar el rol del activismo?","breadcrumb":{"@id":"https:\/\/ceoactivismoforbesllyc.enforb.es\/pt-br\/conclusoes\/#breadcrumb"},"inLanguage":"pt-BR","potentialAction":[{"@type":"ReadAction","target":["https:\/\/ceoactivismoforbesllyc.enforb.es\/pt-br\/conclusoes\/"]}]},{"@type":"BreadcrumbList","@id":"https:\/\/ceoactivismoforbesllyc.enforb.es\/pt-br\/conclusoes\/#breadcrumb","itemListElement":[{"@type":"ListItem","position":1,"name":"Home","item":"https:\/\/ceoactivismoforbesllyc.enforb.es\/pt-br\/"},{"@type":"ListItem","position":2,"name":"CONCLUS\u00d5ES"}]},{"@type":"WebSite","@id":"https:\/\/ceoactivismoforbesllyc.enforb.es\/#website","url":"https:\/\/ceoactivismoforbesllyc.enforb.es\/","name":"CEO ACTIVISTA LATAM","description":"","potentialAction":[{"@type":"SearchAction","target":{"@type":"EntryPoint","urlTemplate":"https:\/\/ceoactivismoforbesllyc.enforb.es\/?s={search_term_string}"},"query-input":"required name=search_term_string"}],"inLanguage":"pt-BR"}]}},"_links":{"self":[{"href":"https:\/\/ceoactivismoforbesllyc.enforb.es\/pt-br\/wp-json\/wp\/v2\/pages\/2755","targetHints":{"allow":["GET"]}}],"collection":[{"href":"https:\/\/ceoactivismoforbesllyc.enforb.es\/pt-br\/wp-json\/wp\/v2\/pages"}],"about":[{"href":"https:\/\/ceoactivismoforbesllyc.enforb.es\/pt-br\/wp-json\/wp\/v2\/types\/page"}],"author":[{"embeddable":true,"href":"https:\/\/ceoactivismoforbesllyc.enforb.es\/pt-br\/wp-json\/wp\/v2\/users\/2"}],"replies":[{"embeddable":true,"href":"https:\/\/ceoactivismoforbesllyc.enforb.es\/pt-br\/wp-json\/wp\/v2\/comments?post=2755"}],"version-history":[{"count":4,"href":"https:\/\/ceoactivismoforbesllyc.enforb.es\/pt-br\/wp-json\/wp\/v2\/pages\/2755\/revisions"}],"predecessor-version":[{"id":2760,"href":"https:\/\/ceoactivismoforbesllyc.enforb.es\/pt-br\/wp-json\/wp\/v2\/pages\/2755\/revisions\/2760"}],"wp:attachment":[{"href":"https:\/\/ceoactivismoforbesllyc.enforb.es\/pt-br\/wp-json\/wp\/v2\/media?parent=2755"}],"curies":[{"name":"wp","href":"https:\/\/api.w.org\/{rel}","templated":true}]}}