{"id":2704,"date":"2017-10-27T13:02:22","date_gmt":"2017-10-27T12:02:22","guid":{"rendered":"https:\/\/ceoactivismoforbesllyc.enforb.es\/home-2\/"},"modified":"2023-01-19T11:54:52","modified_gmt":"2023-01-19T17:54:52","slug":"home-2","status":"publish","type":"page","link":"https:\/\/ceoactivismoforbesllyc.enforb.es\/pt-br\/","title":{"rendered":"Inicio"},"content":{"rendered":"<p>[vc_row full_width=&#8221;stretch_row&#8221; full_height=&#8221;yes&#8221; columns_placement=&#8221;bottom&#8221; equal_height=&#8221;yes&#8221; content_placement=&#8221;bottom&#8221; bg_type=&#8221;image&#8221; parallax_style=&#8221;vcpb-vz-jquery&#8221; bg_image_new=&#8221;id^2009|url^http:\/\/35.222.133.125\/forbes-ceo\/wp-content\/uploads\/2022\/09\/forbes-4.jpg|caption^null|alt^null|title^forbes-4|description^null&#8221; bg_image_repeat=&#8221;no-repeat&#8221; parallax_sense=&#8221;50&#8243; disable_on_mobile_img_parallax=&#8221;disable_on_mobile_img_parallax_value&#8221; enable_overlay=&#8221;enable_overlay_value&#8221; overlay_color=&#8221;#000000&#8243; overlay_pattern=&#8221;01.png&#8221; overlay_pattern_opacity=&#8221;50&#8243; css=&#8221;.vc_custom_1668463981615{padding-bottom: 5% !important;}&#8221; el_class=&#8221;custom-height-mobile&#8221;][vc_column][vc_custom_heading text=&#8221;O ATIVISMO DO<br \/>\nCEO COMO<br \/>\nALAVANCA PARA A<br \/>\nSUSTENTABILIDADE&#8221; font_container=&#8221;tag:h2|font_size:60px|text_align:left|color:%23ffffff|line_height:60px&#8221; use_theme_fonts=&#8221;yes&#8221; css_animation=&#8221;fadeIn&#8221; el_id=&#8221;title-home&#8221;]<style type=\"text\/css\" data-type=\"the7_shortcodes-inline-css\">#default-btn-bffb2395acc23f5b0708f1dda32d4e9a.ico-right-side > i {\n  margin-right: 0px;\n  margin-left: 8px;\n}\n#default-btn-bffb2395acc23f5b0708f1dda32d4e9a > i {\n  margin-right: 8px;\n}\n<\/style><div class=\"btn-align-left\"><a href=\"#\" class=\"default-btn-shortcode dt-btn dt-btn-m link-hover-off ico-right-side download-button \" id=\"default-btn-bffb2395acc23f5b0708f1dda32d4e9a\"><span>Descarga el informe completo<\/span><i class=\"icomoon-font-awesome-14x14-download\"><\/i><\/a><\/div>[\/vc_column][\/vc_row][vc_row equal_height=&#8221;yes&#8221; css=&#8221;.vc_custom_1664313759099{padding-top: 5% !important;padding-bottom: 5% !important;}&#8221;][vc_column css=&#8221;.vc_custom_1664314559215{padding-top: 0px !important;}&#8221;][vc_separator color=&#8221;black&#8221;][vc_custom_heading text=&#8221;CEO ATIVISTAS E SUSTENTABILIDADE&#8221; font_container=&#8221;tag:h3|text_align:center&#8221; use_theme_fonts=&#8221;yes&#8221; css=&#8221;.vc_custom_1674063708779{margin-bottom: 35px !important;}&#8221;][vc_separator color=&#8221;black&#8221;][vc_row_inner equal_height=&#8221;yes&#8221;][vc_column_inner width=&#8221;1\/2&#8243;][vc_column_text]Nesta \u00e9poca de muita conscientiza\u00e7\u00e3o e engajamento p\u00fablico, as empresas e marcas precisam estar \u00e0 altura e responder \u00e0s exig\u00eancias da sociedade. Elas precisam ser ativas socialmente com envolvimento relevante se quiserem garantir sua sustentabilidade a longo prazo e, assim, obter e conservar sua Licen\u00e7a Social para Operar.[\/vc_column_text][vc_column_text]A Licen\u00e7a Social para Operar \u00e9 um acordo impl\u00edcito entre uma empresa ou marca e as comunidades onde opera. \u00c9 a aprova\u00e7\u00e3o social que uma empresa e a sua atividade precisam para serem consideradas aceit\u00e1veis pela comunidade onde opera, para que as partes interessadas de quem seu sucesso depende decidam apoi\u00e1-la. Essa aprova\u00e7\u00e3o depende da capacidade da empresa ou marca de operar de forma que satisfa\u00e7a as expectativas sociais, econ\u00f4micas e ambientais da comunidade.[\/vc_column_text][\/vc_column_inner][vc_column_inner el_class=&#8221;imagen-home&#8221; width=&#8221;1\/2&#8243; css=&#8221;.vc_custom_1668460270957{background-image: url(https:\/\/ceoactivismoforbesllyc.enforb.es\/wp-content\/uploads\/2022\/09\/forbes-6.jpg?id=2011) !important;background-position: center !important;background-repeat: no-repeat !important;background-size: cover !important;}&#8221;][\/vc_column_inner][\/vc_row_inner][\/vc_column][\/vc_row][vc_row full_width=&#8221;stretch_row&#8221; equal_height=&#8221;yes&#8221; bg_type=&#8221;bg_color&#8221; css=&#8221;.vc_custom_1674150916835{padding-top: 5% !important;padding-bottom: 5% !important;}&#8221; bg_color_value=&#8221;#000000&#8243; el_id=&#8221;latam-hoy-en-dia-pt-br&#8221;][vc_column css=&#8221;.vc_custom_1664314559215{padding-top: 0px !important;}&#8221;][vc_separator color=&#8221;white&#8221;][vc_custom_heading text=&#8221;A LATAM HOJE&#8221; font_container=&#8221;tag:h3|text_align:center|color:%23ffffff&#8221; use_theme_fonts=&#8221;yes&#8221; css=&#8221;.vc_custom_1674066816736{margin-bottom: 35px !important;}&#8221;][vc_separator color=&#8221;white&#8221;][vc_row_inner equal_height=&#8221;yes&#8221;][vc_column_inner el_class=&#8221;imagen-home&#8221; width=&#8221;1\/2&#8243; css=&#8221;.vc_custom_1668460322212{background-image: url(https:\/\/ceoactivismoforbesllyc.enforb.es\/wp-content\/uploads\/2022\/09\/forbes-7.jpg?id=2012) !important;background-position: center !important;background-repeat: no-repeat !important;background-size: cover !important;}&#8221;][\/vc_column_inner][vc_column_inner width=&#8221;1\/2&#8243;][vc_column_text el_class=&#8221;white-text&#8221;]A hist\u00f3ria recente da Am\u00e9rica Latina deixa claro a import\u00e2ncia das iniciativas privadas para promover avan\u00e7os sociais que resultam no bem-estar das pessoas e dos pa\u00edses onde as empresas operam.<\/p>\n<p>H\u00e1 muitos exemplos claros de l\u00edderes capazes de gerenciar com sucesso empresas complexas (apesar de grandes desafios), e ainda apresentam as habilidades e crit\u00e9rios adequados para abordar problemas que v\u00e3o al\u00e9m das fronteiras de sua empresa e afetam a sociedade como um todo.[\/vc_column_text][vc_column_text el_class=&#8221;white-text&#8221;]O olhar de um empreendedor de sucesso, l\u00edder de uma empresa (tamb\u00e9m bem sucedida), pode trazer respostas alternativas \u00e0quelas oferecidas pelo poder p\u00fablico para abordar desafios que afligem as sociedades a partir de uma nova perspectiva.[\/vc_column_text][\/vc_column_inner][\/vc_row_inner][\/vc_column][\/vc_row][vc_row equal_height=&#8221;yes&#8221; css=&#8221;.vc_custom_1674150926384{padding-top: 5% !important;padding-bottom: 5% !important;}&#8221; el_id=&#8221;CEO-pt-br&#8221;][vc_column css=&#8221;.vc_custom_1664314559215{padding-top: 0px !important;}&#8221;][vc_separator color=&#8221;black&#8221;]<div id=\"ultimate-heading-843669eff89ad6c16\" class=\"uvc-heading ult-adjust-bottom-margin ultimate-heading-843669eff89ad6c16 uvc-9038 text-center uvc-heading-default-font-sizes\" data-hspacer=\"no_spacer\"  data-halign=\"left\" style=\"text-align:left\"><div class=\"uvc-heading-spacer no_spacer\" style=\"top\"><\/div><div class=\"uvc-main-heading ult-responsive\"  data-ultimate-target='.uvc-heading.ultimate-heading-843669eff89ad6c16 h3'  data-responsive-json-new='{\"font-size\":\"\",\"line-height\":\"\"}' ><h3 style=\"--font-weight:theme;margin-bottom:35px;\">ALGUNS CASOS INSPIRADORES NA LATAM<\/h3><\/div><div class=\"uvc-sub-heading ult-responsive\"  data-ultimate-target='.uvc-heading.ultimate-heading-843669eff89ad6c16 .uvc-sub-heading '  data-responsive-json-new='{\"font-size\":\"\",\"line-height\":\"\"}'  style=\"font-weight:normal;margin-bottom:35px;\">Segue abaixo uma s\u00e9rie de exemplos de CEOs ativistas que est\u00e3o influenciando e trabalhando para contribuir para a sustentabilidade, cada um em sua \u00e1rea de legitimidade.<\/p>\n<p>Para cada um deles, desenvolvemos uma an\u00e1lise do seu alcance digital, dos temas que abordam e de como administram o seu perfil e conte\u00fado nas redes sociais.<\/div><\/div>[vc_separator color=&#8221;black&#8221;][\/vc_column][\/vc_row][vc_row][vc_column][vc_raw_html]JTVCY2VvLWhvbWUlNUQ=[\/vc_raw_html][\/vc_column][\/vc_row]<\/p>\n","protected":false},"excerpt":{"rendered":"<p>[vc_row full_width=&#8221;stretch_row&#8221; full_height=&#8221;yes&#8221; columns_placement=&#8221;bottom&#8221; equal_height=&#8221;yes&#8221; content_placement=&#8221;bottom&#8221; bg_type=&#8221;image&#8221; parallax_style=&#8221;vcpb-vz-jquery&#8221; bg_image_new=&#8221;id^2009|url^http:\/\/35.222.133.125\/forbes-ceo\/wp-content\/uploads\/2022\/09\/forbes-4.jpg|caption^null|alt^null|title^forbes-4|description^null&#8221; bg_image_repeat=&#8221;no-repeat&#8221; parallax_sense=&#8221;50&#8243; disable_on_mobile_img_parallax=&#8221;disable_on_mobile_img_parallax_value&#8221; enable_overlay=&#8221;enable_overlay_value&#8221; overlay_color=&#8221;#000000&#8243; overlay_pattern=&#8221;01.png&#8221; overlay_pattern_opacity=&#8221;50&#8243; css=&#8221;.vc_custom_1668463981615{padding-bottom: 5% !important;}&#8221; el_class=&#8221;custom-height-mobile&#8221;][vc_column][vc_custom_heading text=&#8221;O ATIVISMO DO CEO COMO ALAVANCA PARA A SUSTENTABILIDADE&#8221; font_container=&#8221;tag:h2|font_size:60px|text_align:left|color:%23ffffff|line_height:60px&#8221; use_theme_fonts=&#8221;yes&#8221; css_animation=&#8221;fadeIn&#8221; el_id=&#8221;title-home&#8221;][\/vc_column][\/vc_row][vc_row equal_height=&#8221;yes&#8221; css=&#8221;.vc_custom_1664313759099{padding-top: 5% !important;padding-bottom: 5% !important;}&#8221;][vc_column css=&#8221;.vc_custom_1664314559215{padding-top: 0px !important;}&#8221;][vc_separator color=&#8221;black&#8221;][vc_custom_heading text=&#8221;CEO ATIVISTAS E SUSTENTABILIDADE&#8221; font_container=&#8221;tag:h3|text_align:center&#8221; use_theme_fonts=&#8221;yes&#8221; css=&#8221;.vc_custom_1674063708779{margin-bottom: 35px !important;}&#8221;][vc_separator color=&#8221;black&#8221;][vc_row_inner equal_height=&#8221;yes&#8221;][vc_column_inner width=&#8221;1\/2&#8243;][vc_column_text]Nesta&hellip;<\/p>\n","protected":false},"author":2,"featured_media":2700,"parent":0,"menu_order":0,"comment_status":"closed","ping_status":"closed","template":"","meta":{"content-type":"","_mi_skip_tracking":false,"_monsterinsights_sitenote_active":false,"_monsterinsights_sitenote_note":"","_monsterinsights_sitenote_category":0,"footnotes":""},"class_list":["post-2704","page","type-page","status-publish","has-post-thumbnail","hentry","description-off"],"acf":[],"yoast_head":"<!-- This site is optimized with the Yoast SEO plugin v20.12 - https:\/\/yoast.com\/wordpress\/plugins\/seo\/ -->\n<title>CEO ACTIVISTA LATAM<\/title>\n<meta name=\"description\" content=\"LLYC y Forbes se unen para analizar el papel del CEO Activista en el camino a la sostenibilidad de las empresas\" \/>\n<meta name=\"robots\" content=\"index, follow, max-snippet:-1, max-image-preview:large, max-video-preview:-1\" \/>\n<link rel=\"canonical\" href=\"https:\/\/ceoactivismoforbesllyc.enforb.es\/pt-br\/\" \/>\n<meta property=\"og:locale\" content=\"pt_BR\" \/>\n<meta property=\"og:type\" content=\"article\" \/>\n<meta property=\"og:title\" content=\"CEO ACTIVISTA LATAM\" \/>\n<meta property=\"og:description\" content=\"LLYC y Forbes se unen para analizar el papel del CEO Activista en el camino a la sostenibilidad de las empresas\" \/>\n<meta property=\"og:url\" content=\"https:\/\/ceoactivismoforbesllyc.enforb.es\/pt-br\/\" \/>\n<meta property=\"og:site_name\" content=\"CEO ACTIVISTA LATAM\" \/>\n<meta property=\"article:modified_time\" content=\"2023-01-19T17:54:52+00:00\" \/>\n<meta property=\"og:image\" content=\"https:\/\/ceoactivismoforbesllyc.enforb.es\/wp-content\/uploads\/2022\/11\/logoforbes.png\" \/>\n\t<meta property=\"og:image:width\" content=\"550\" \/>\n\t<meta property=\"og:image:height\" content=\"500\" \/>\n\t<meta property=\"og:image:type\" content=\"image\/png\" \/>\n<meta name=\"twitter:card\" content=\"summary_large_image\" \/>\n<meta name=\"twitter:label1\" content=\"Est. tempo de leitura\" \/>\n\t<meta name=\"twitter:data1\" content=\"2 minutos\" \/>\n<script type=\"application\/ld+json\" class=\"yoast-schema-graph\">{\"@context\":\"https:\/\/schema.org\",\"@graph\":[{\"@type\":\"WebPage\",\"@id\":\"https:\/\/ceoactivismoforbesllyc.enforb.es\/pt-br\/\",\"url\":\"https:\/\/ceoactivismoforbesllyc.enforb.es\/pt-br\/\",\"name\":\"CEO ACTIVISTA LATAM\",\"isPartOf\":{\"@id\":\"https:\/\/ceoactivismoforbesllyc.enforb.es\/#website\"},\"datePublished\":\"2017-10-27T12:02:22+00:00\",\"dateModified\":\"2023-01-19T17:54:52+00:00\",\"description\":\"LLYC y Forbes se unen para analizar el papel del CEO Activista en el camino a la sostenibilidad de las empresas\",\"breadcrumb\":{\"@id\":\"https:\/\/ceoactivismoforbesllyc.enforb.es\/pt-br\/#breadcrumb\"},\"inLanguage\":\"pt-BR\",\"potentialAction\":[{\"@type\":\"ReadAction\",\"target\":[\"https:\/\/ceoactivismoforbesllyc.enforb.es\/pt-br\/\"]}]},{\"@type\":\"BreadcrumbList\",\"@id\":\"https:\/\/ceoactivismoforbesllyc.enforb.es\/pt-br\/#breadcrumb\",\"itemListElement\":[{\"@type\":\"ListItem\",\"position\":1,\"name\":\"Home\",\"item\":\"https:\/\/ceoactivismoforbesllyc.enforb.es\/pt-br\/\"},{\"@type\":\"ListItem\",\"position\":2,\"name\":\"Inicio\"}]},{\"@type\":\"WebSite\",\"@id\":\"https:\/\/ceoactivismoforbesllyc.enforb.es\/#website\",\"url\":\"https:\/\/ceoactivismoforbesllyc.enforb.es\/\",\"name\":\"CEO ACTIVISTA LATAM\",\"description\":\"\",\"potentialAction\":[{\"@type\":\"SearchAction\",\"target\":{\"@type\":\"EntryPoint\",\"urlTemplate\":\"https:\/\/ceoactivismoforbesllyc.enforb.es\/?s={search_term_string}\"},\"query-input\":\"required name=search_term_string\"}],\"inLanguage\":\"pt-BR\"}]}<\/script>\n<!-- \/ Yoast SEO plugin. -->","yoast_head_json":{"title":"CEO ACTIVISTA LATAM","description":"LLYC y Forbes se unen para analizar el papel del CEO Activista en el camino a la sostenibilidad de las empresas","robots":{"index":"index","follow":"follow","max-snippet":"max-snippet:-1","max-image-preview":"max-image-preview:large","max-video-preview":"max-video-preview:-1"},"canonical":"https:\/\/ceoactivismoforbesllyc.enforb.es\/pt-br\/","og_locale":"pt_BR","og_type":"article","og_title":"CEO ACTIVISTA LATAM","og_description":"LLYC y Forbes se unen para analizar el papel del CEO Activista en el camino a la sostenibilidad de las empresas","og_url":"https:\/\/ceoactivismoforbesllyc.enforb.es\/pt-br\/","og_site_name":"CEO ACTIVISTA LATAM","article_modified_time":"2023-01-19T17:54:52+00:00","og_image":[{"width":550,"height":500,"url":"https:\/\/ceoactivismoforbesllyc.enforb.es\/wp-content\/uploads\/2022\/11\/logoforbes.png","type":"image\/png"}],"twitter_card":"summary_large_image","twitter_misc":{"Est. tempo de leitura":"2 minutos"},"schema":{"@context":"https:\/\/schema.org","@graph":[{"@type":"WebPage","@id":"https:\/\/ceoactivismoforbesllyc.enforb.es\/pt-br\/","url":"https:\/\/ceoactivismoforbesllyc.enforb.es\/pt-br\/","name":"CEO ACTIVISTA LATAM","isPartOf":{"@id":"https:\/\/ceoactivismoforbesllyc.enforb.es\/#website"},"datePublished":"2017-10-27T12:02:22+00:00","dateModified":"2023-01-19T17:54:52+00:00","description":"LLYC y Forbes se unen para analizar el papel del CEO Activista en el camino a la sostenibilidad de las empresas","breadcrumb":{"@id":"https:\/\/ceoactivismoforbesllyc.enforb.es\/pt-br\/#breadcrumb"},"inLanguage":"pt-BR","potentialAction":[{"@type":"ReadAction","target":["https:\/\/ceoactivismoforbesllyc.enforb.es\/pt-br\/"]}]},{"@type":"BreadcrumbList","@id":"https:\/\/ceoactivismoforbesllyc.enforb.es\/pt-br\/#breadcrumb","itemListElement":[{"@type":"ListItem","position":1,"name":"Home","item":"https:\/\/ceoactivismoforbesllyc.enforb.es\/pt-br\/"},{"@type":"ListItem","position":2,"name":"Inicio"}]},{"@type":"WebSite","@id":"https:\/\/ceoactivismoforbesllyc.enforb.es\/#website","url":"https:\/\/ceoactivismoforbesllyc.enforb.es\/","name":"CEO ACTIVISTA LATAM","description":"","potentialAction":[{"@type":"SearchAction","target":{"@type":"EntryPoint","urlTemplate":"https:\/\/ceoactivismoforbesllyc.enforb.es\/?s={search_term_string}"},"query-input":"required name=search_term_string"}],"inLanguage":"pt-BR"}]}},"_links":{"self":[{"href":"https:\/\/ceoactivismoforbesllyc.enforb.es\/pt-br\/wp-json\/wp\/v2\/pages\/2704","targetHints":{"allow":["GET"]}}],"collection":[{"href":"https:\/\/ceoactivismoforbesllyc.enforb.es\/pt-br\/wp-json\/wp\/v2\/pages"}],"about":[{"href":"https:\/\/ceoactivismoforbesllyc.enforb.es\/pt-br\/wp-json\/wp\/v2\/types\/page"}],"author":[{"embeddable":true,"href":"https:\/\/ceoactivismoforbesllyc.enforb.es\/pt-br\/wp-json\/wp\/v2\/users\/2"}],"replies":[{"embeddable":true,"href":"https:\/\/ceoactivismoforbesllyc.enforb.es\/pt-br\/wp-json\/wp\/v2\/comments?post=2704"}],"version-history":[{"count":7,"href":"https:\/\/ceoactivismoforbesllyc.enforb.es\/pt-br\/wp-json\/wp\/v2\/pages\/2704\/revisions"}],"predecessor-version":[{"id":2754,"href":"https:\/\/ceoactivismoforbesllyc.enforb.es\/pt-br\/wp-json\/wp\/v2\/pages\/2704\/revisions\/2754"}],"wp:featuredmedia":[{"embeddable":true,"href":"https:\/\/ceoactivismoforbesllyc.enforb.es\/pt-br\/wp-json\/wp\/v2\/media\/2700"}],"wp:attachment":[{"href":"https:\/\/ceoactivismoforbesllyc.enforb.es\/pt-br\/wp-json\/wp\/v2\/media?parent=2704"}],"curies":[{"name":"wp","href":"https:\/\/api.w.org\/{rel}","templated":true}]}}