{"id":2734,"date":"2022-10-03T19:00:19","date_gmt":"2022-10-03T19:00:19","guid":{"rendered":"https:\/\/ceoactivismoforbesllyc.enforb.es\/ceo\/luiza-helena-trajano\/"},"modified":"2023-01-18T19:54:29","modified_gmt":"2023-01-19T01:54:29","slug":"luiza-helena-trajano","status":"publish","type":"ceo","link":"https:\/\/ceoactivismoforbesllyc.enforb.es\/pt-br\/ceo\/luiza-helena-trajano\/","title":{"rendered":"LUIZA HELENA TRAJANO"},"content":{"rendered":"<p>[vc_row equal_height=&#8221;yes&#8221;][vc_column][vc_column_text]Trajano \u00e9 a empres\u00e1ria brasileira que dirige a gigante de vendas online Magazine Luiza (Magalu), bem outras empresas associadas.<br \/>\nA empresa come\u00e7ou como uma lojinha na cidade de S\u00e3o Paulo e hoje \u00e9 a maior empresa de varejo pela <em>Internet<sup>1<\/sup><\/em>.<\/p>\n<p>Ela tem mais de 30 anos de experi\u00eancia no setor varejista, estando posicionada hoje como uma das mulheres mais influentes do Brasil, e \u00e9 considerada como uma figura pol\u00edtica, mesmo que n\u00e3o seja. Trajano est\u00e1 na lista das 100 pessoas mais influentes de 2021 pela revista <em>Time<sup>2<\/sup><\/em>.<\/p>\n<p>Ela \u00e9 reconhecida como uma das CEOs mais influentes da Am\u00e9rica Latina e ativista pela igualdade de g\u00eanero, antirracismo e a favor do bem-estar <em>pol\u00edtico-social<sup>3 4<\/sup><\/em>.<\/p>\n<p>Sua carreira empresarial a posiciona como uma l\u00edder que gerencia e administra seus neg\u00f3cios com foco no ser humano, dando prioridade ao trabalho e \u00e0 individualidade de seus funcion\u00e1rios. Isso contribui para que a Magalu seja considerada uma das melhores empresas para se trabalhar no mercado brasileiro.<br \/>\nDevido \u00e0 recess\u00e3o econ\u00f4mica causada pela covid-19, al\u00e9m de promover a urg\u00eancia de vacinar a popula\u00e7\u00e3o, ela tamb\u00e9m disponibilizou sua plataforma digital para que brasileiros de pequenas e m\u00e9dias empresas pudessem continuar vendendo e entregando seus produtos.<\/p>\n<p>Em seu perfil no LinkedIn, Luiza Helena Trajano se comunica com um p\u00fablico de mais de 690 mil pessoas, o que a torna &#8220;Top Voice&#8221; nessa rede social. Ela compartilha conte\u00fado relevante para a comunidade interessada em encontrar emprego.<br \/>\nEm m\u00e9dia, ela publica 15 conte\u00fados por m\u00eas.<\/p>\n<p>A empres\u00e1ria \u00e9 bem ativa no Twitter (com mais de 74,5 mil seguidores) e no Instagram (194 mil), onde, al\u00e9m de contar seu cotidiano, ela responde \u00e0s reclama\u00e7\u00f5es dos clientes. Ela tamb\u00e9m oferece seu endere\u00e7o de e-mail no site da empresa.<\/p>\n<p>Suas publica\u00e7\u00f5es s\u00e3o conte\u00fados relevantes para a comunidade que est\u00e1 procurando emprego, colocando sua empresa \u00e0 disposi\u00e7\u00e3o dos interessados. Isso faz com que seu ativismo tenha um impacto positivo na marca Magalu para ser considerada como GPTW. Ela tamb\u00e9m apoia consistentemente a igualdade de g\u00eanero, a responsabilidade corporativa com o social e outros temas, como as metas alcan\u00e7adas em sua organiza\u00e7\u00e3o.<\/p>\n<p>Quanto ao engajamento, ela tem uma excelente intera\u00e7\u00e3o com a sua comunidade de seguidores.<\/p>\n<p>&nbsp;<\/p>\n<p>&nbsp;<\/p>\n<p style=\"font-size: 10px; color: #f3615a;\"><sup>1<\/sup> <a href=\"https:\/\/actiosoftware.com\/es\/2021\/12\/quien-es-luiza-trajano-y-como-dirige-su-imperio\/\">https:\/\/actiosoftware.com\/es\/2021\/12\/quien-es-luiza-trajano-y-como-dirige-su-imperio\/<\/a><\/p>\n<p style=\"font-size: 10px; color: #f3615a;\"><sup>2<\/sup><a href=\"https:\/\/time.com\/collection\/100-most-influential-people-2021\/\"> https:\/\/time.com\/collection\/100-most-influential-people-2021\/<\/a><\/p>\n<p style=\"font-size: 10px; color: #f3615a;\"><sup>3<\/sup> <a href=\"https:\/\/elpais.com\/internacional\/2022-01-16\/luiza-trajano-la-mujer-mas-rica-de-brasil-hace-politica-sin-partidos-y-sin-rodeos.html\">https:\/\/elpais.com\/internacional\/2022-01-16\/luiza-trajano-la-mujer-mas-rica-de-brasil-hace-politica-sin-partidos-y-sin-rodeos.html<\/a><\/p>\n<p style=\"font-size: 10px; color: #f3615a;\"><sup>4<\/sup> <a href=\"https:\/\/elpais.com\/elpais\/2020\/01\/16\/gente\/1579190614_303075.html\">https:\/\/elpais.com\/elpais\/2020\/01\/16\/gente\/1579190614_303075.html<\/a><\/p>\n<p>[\/vc_column_text][\/vc_column][\/vc_row][vc_row full_width=&#8221;stretch_row&#8221; css=&#8221;.vc_custom_1666034478243{padding-top: 5% !important;background-color: #0a263b !important;}&#8221;][vc_column][vc_single_image image=&#8221;2227&#8243; img_size=&#8221;full&#8221; alignment=&#8221;center&#8221; onclick=&#8221;zoom&#8221;][\/vc_column][\/vc_row]<\/p>\n","protected":false},"featured_media":2674,"menu_order":0,"template":"","format":"standard","meta":{"content-type":"","_mi_skip_tracking":false,"_monsterinsights_sitenote_active":false,"_monsterinsights_sitenote_note":"","_monsterinsights_sitenote_category":0,"footnotes":""},"class_list":["post-2734","ceo","type-ceo","status-publish","format-standard","has-post-thumbnail","hentry","description-off"],"acf":[],"yoast_head":"<!-- This site is optimized with the Yoast SEO plugin v20.12 - https:\/\/yoast.com\/wordpress\/plugins\/seo\/ -->\n<title>LUIZA HELENA TRAJANO - CEO ACTIVISTA LATAM<\/title>\n<meta name=\"description\" content=\"La CEO de Magazine Luiza se ha posicionado como CEO Activista gracias a su conversaci\u00f3n por la igualdad de g\u00e9nero, contra el racismo y pro del bienestar social\" \/>\n<meta name=\"robots\" content=\"index, follow, max-snippet:-1, max-image-preview:large, max-video-preview:-1\" \/>\n<link rel=\"canonical\" href=\"https:\/\/ceoactivismoforbesllyc.enforb.es\/pt-br\/ceo\/luiza-helena-trajano\/\" \/>\n<meta property=\"og:locale\" content=\"pt_BR\" \/>\n<meta property=\"og:type\" content=\"article\" \/>\n<meta property=\"og:title\" content=\"LUIZA HELENA TRAJANO - CEO ACTIVISTA LATAM\" \/>\n<meta property=\"og:description\" content=\"La CEO de Magazine Luiza se ha posicionado como CEO Activista gracias a su conversaci\u00f3n por la igualdad de g\u00e9nero, contra el racismo y pro del bienestar social\" \/>\n<meta property=\"og:url\" content=\"https:\/\/ceoactivismoforbesllyc.enforb.es\/pt-br\/ceo\/luiza-helena-trajano\/\" \/>\n<meta property=\"og:site_name\" content=\"CEO ACTIVISTA LATAM\" \/>\n<meta property=\"article:modified_time\" content=\"2023-01-19T01:54:29+00:00\" \/>\n<meta property=\"og:image\" content=\"https:\/\/ceoactivismoforbesllyc.enforb.es\/wp-content\/uploads\/2022\/10\/forbes-12.jpg\" \/>\n\t<meta property=\"og:image:width\" content=\"1200\" \/>\n\t<meta property=\"og:image:height\" content=\"1020\" \/>\n\t<meta property=\"og:image:type\" content=\"image\/jpeg\" \/>\n<meta name=\"twitter:card\" content=\"summary_large_image\" \/>\n<meta name=\"twitter:label1\" content=\"Est. tempo de leitura\" \/>\n\t<meta name=\"twitter:data1\" content=\"2 minutos\" \/>\n<script type=\"application\/ld+json\" class=\"yoast-schema-graph\">{\"@context\":\"https:\/\/schema.org\",\"@graph\":[{\"@type\":\"WebPage\",\"@id\":\"https:\/\/ceoactivismoforbesllyc.enforb.es\/pt-br\/ceo\/luiza-helena-trajano\/\",\"url\":\"https:\/\/ceoactivismoforbesllyc.enforb.es\/pt-br\/ceo\/luiza-helena-trajano\/\",\"name\":\"LUIZA HELENA TRAJANO - CEO ACTIVISTA LATAM\",\"isPartOf\":{\"@id\":\"https:\/\/ceoactivismoforbesllyc.enforb.es\/#website\"},\"datePublished\":\"2022-10-03T19:00:19+00:00\",\"dateModified\":\"2023-01-19T01:54:29+00:00\",\"description\":\"La CEO de Magazine Luiza se ha posicionado como CEO Activista gracias a su conversaci\u00f3n por la igualdad de g\u00e9nero, contra el racismo y pro del bienestar social\",\"breadcrumb\":{\"@id\":\"https:\/\/ceoactivismoforbesllyc.enforb.es\/pt-br\/ceo\/luiza-helena-trajano\/#breadcrumb\"},\"inLanguage\":\"pt-BR\",\"potentialAction\":[{\"@type\":\"ReadAction\",\"target\":[\"https:\/\/ceoactivismoforbesllyc.enforb.es\/pt-br\/ceo\/luiza-helena-trajano\/\"]}]},{\"@type\":\"BreadcrumbList\",\"@id\":\"https:\/\/ceoactivismoforbesllyc.enforb.es\/pt-br\/ceo\/luiza-helena-trajano\/#breadcrumb\",\"itemListElement\":[{\"@type\":\"ListItem\",\"position\":1,\"name\":\"Home\",\"item\":\"https:\/\/ceoactivismoforbesllyc.enforb.es\/pt-br\/\"},{\"@type\":\"ListItem\",\"position\":2,\"name\":\"LUIZA HELENA TRAJANO\"}]},{\"@type\":\"WebSite\",\"@id\":\"https:\/\/ceoactivismoforbesllyc.enforb.es\/#website\",\"url\":\"https:\/\/ceoactivismoforbesllyc.enforb.es\/\",\"name\":\"CEO ACTIVISTA LATAM\",\"description\":\"\",\"potentialAction\":[{\"@type\":\"SearchAction\",\"target\":{\"@type\":\"EntryPoint\",\"urlTemplate\":\"https:\/\/ceoactivismoforbesllyc.enforb.es\/?s={search_term_string}\"},\"query-input\":\"required name=search_term_string\"}],\"inLanguage\":\"pt-BR\"}]}<\/script>\n<!-- \/ Yoast SEO plugin. -->","yoast_head_json":{"title":"LUIZA HELENA TRAJANO - CEO ACTIVISTA LATAM","description":"La CEO de Magazine Luiza se ha posicionado como CEO Activista gracias a su conversaci\u00f3n por la igualdad de g\u00e9nero, contra el racismo y pro del bienestar social","robots":{"index":"index","follow":"follow","max-snippet":"max-snippet:-1","max-image-preview":"max-image-preview:large","max-video-preview":"max-video-preview:-1"},"canonical":"https:\/\/ceoactivismoforbesllyc.enforb.es\/pt-br\/ceo\/luiza-helena-trajano\/","og_locale":"pt_BR","og_type":"article","og_title":"LUIZA HELENA TRAJANO - CEO ACTIVISTA LATAM","og_description":"La CEO de Magazine Luiza se ha posicionado como CEO Activista gracias a su conversaci\u00f3n por la igualdad de g\u00e9nero, contra el racismo y pro del bienestar social","og_url":"https:\/\/ceoactivismoforbesllyc.enforb.es\/pt-br\/ceo\/luiza-helena-trajano\/","og_site_name":"CEO ACTIVISTA LATAM","article_modified_time":"2023-01-19T01:54:29+00:00","og_image":[{"width":1200,"height":1020,"url":"https:\/\/ceoactivismoforbesllyc.enforb.es\/wp-content\/uploads\/2022\/10\/forbes-12.jpg","type":"image\/jpeg"}],"twitter_card":"summary_large_image","twitter_misc":{"Est. tempo de leitura":"2 minutos"},"schema":{"@context":"https:\/\/schema.org","@graph":[{"@type":"WebPage","@id":"https:\/\/ceoactivismoforbesllyc.enforb.es\/pt-br\/ceo\/luiza-helena-trajano\/","url":"https:\/\/ceoactivismoforbesllyc.enforb.es\/pt-br\/ceo\/luiza-helena-trajano\/","name":"LUIZA HELENA TRAJANO - CEO ACTIVISTA LATAM","isPartOf":{"@id":"https:\/\/ceoactivismoforbesllyc.enforb.es\/#website"},"datePublished":"2022-10-03T19:00:19+00:00","dateModified":"2023-01-19T01:54:29+00:00","description":"La CEO de Magazine Luiza se ha posicionado como CEO Activista gracias a su conversaci\u00f3n por la igualdad de g\u00e9nero, contra el racismo y pro del bienestar social","breadcrumb":{"@id":"https:\/\/ceoactivismoforbesllyc.enforb.es\/pt-br\/ceo\/luiza-helena-trajano\/#breadcrumb"},"inLanguage":"pt-BR","potentialAction":[{"@type":"ReadAction","target":["https:\/\/ceoactivismoforbesllyc.enforb.es\/pt-br\/ceo\/luiza-helena-trajano\/"]}]},{"@type":"BreadcrumbList","@id":"https:\/\/ceoactivismoforbesllyc.enforb.es\/pt-br\/ceo\/luiza-helena-trajano\/#breadcrumb","itemListElement":[{"@type":"ListItem","position":1,"name":"Home","item":"https:\/\/ceoactivismoforbesllyc.enforb.es\/pt-br\/"},{"@type":"ListItem","position":2,"name":"LUIZA HELENA TRAJANO"}]},{"@type":"WebSite","@id":"https:\/\/ceoactivismoforbesllyc.enforb.es\/#website","url":"https:\/\/ceoactivismoforbesllyc.enforb.es\/","name":"CEO ACTIVISTA LATAM","description":"","potentialAction":[{"@type":"SearchAction","target":{"@type":"EntryPoint","urlTemplate":"https:\/\/ceoactivismoforbesllyc.enforb.es\/?s={search_term_string}"},"query-input":"required name=search_term_string"}],"inLanguage":"pt-BR"}]}},"_links":{"self":[{"href":"https:\/\/ceoactivismoforbesllyc.enforb.es\/pt-br\/wp-json\/wp\/v2\/ceo\/2734","targetHints":{"allow":["GET"]}}],"collection":[{"href":"https:\/\/ceoactivismoforbesllyc.enforb.es\/pt-br\/wp-json\/wp\/v2\/ceo"}],"about":[{"href":"https:\/\/ceoactivismoforbesllyc.enforb.es\/pt-br\/wp-json\/wp\/v2\/types\/ceo"}],"version-history":[{"count":1,"href":"https:\/\/ceoactivismoforbesllyc.enforb.es\/pt-br\/wp-json\/wp\/v2\/ceo\/2734\/revisions"}],"predecessor-version":[{"id":2735,"href":"https:\/\/ceoactivismoforbesllyc.enforb.es\/pt-br\/wp-json\/wp\/v2\/ceo\/2734\/revisions\/2735"}],"wp:featuredmedia":[{"embeddable":true,"href":"https:\/\/ceoactivismoforbesllyc.enforb.es\/pt-br\/wp-json\/wp\/v2\/media\/2674"}],"wp:attachment":[{"href":"https:\/\/ceoactivismoforbesllyc.enforb.es\/pt-br\/wp-json\/wp\/v2\/media?parent=2734"}],"curies":[{"name":"wp","href":"https:\/\/api.w.org\/{rel}","templated":true}]}}